{"id":2058,"date":"2024-03-25T20:45:16","date_gmt":"2024-03-26T01:45:16","guid":{"rendered":"https:\/\/coopucentral.com\/?page_id=2058"},"modified":"2025-06-03T12:26:05","modified_gmt":"2025-06-03T17:26:05","slug":"directivos","status":"publish","type":"page","link":"https:\/\/coopucentral.com\/index.php\/directivos\/","title":{"rendered":"Directivos"},"content":{"rendered":"\t\t<div data-elementor-type=\"wp-page\" data-elementor-id=\"2058\" class=\"elementor elementor-2058\">\n\t\t\t\t<div class=\"elementor-element elementor-element-4201046 e-flex e-con-boxed e-con e-parent\" data-id=\"4201046\" data-element_type=\"container\" data-settings=\"{&quot;background_background&quot;:&quot;classic&quot;,&quot;content_width&quot;:&quot;boxed&quot;}\" data-core-v316-plus=\"true\">\n\t\t\t\t\t<div class=\"e-con-inner\">\n\t\t\t\t<div class=\"elementor-element elementor-element-9fd004c elementor-widget elementor-widget-heading\" data-id=\"9fd004c\" data-element_type=\"widget\" data-widget_type=\"heading.default\">\n\t\t\t\t<div class=\"elementor-widget-container\">\n\t\t\t<style>\/*! elementor - v3.19.0 - 29-01-2024 *\/\n.elementor-heading-title{padding:0;margin:0;line-height:1}.elementor-widget-heading .elementor-heading-title[class*=elementor-size-]>a{color:inherit;font-size:inherit;line-height:inherit}.elementor-widget-heading .elementor-heading-title.elementor-size-small{font-size:15px}.elementor-widget-heading .elementor-heading-title.elementor-size-medium{font-size:19px}.elementor-widget-heading .elementor-heading-title.elementor-size-large{font-size:29px}.elementor-widget-heading .elementor-heading-title.elementor-size-xl{font-size:39px}.elementor-widget-heading .elementor-heading-title.elementor-size-xxl{font-size:59px}<\/style><h2 class=\"elementor-heading-title elementor-size-default\">\u00d3rganos de direcci\u00f3n<\/h2>\t\t<\/div>\n\t\t\t\t<\/div>\n\t\t\t\t\t<\/div>\n\t\t\t\t<\/div>\n\t\t<div class=\"elementor-element elementor-element-18b10ed e-flex e-con-boxed e-con e-parent\" data-id=\"18b10ed\" data-element_type=\"container\" data-settings=\"{&quot;content_width&quot;:&quot;boxed&quot;}\" data-core-v316-plus=\"true\">\n\t\t\t\t\t<div class=\"e-con-inner\">\n\t\t\t\t<div class=\"elementor-element elementor-element-cc017b4 elementor-widget elementor-widget-heading\" data-id=\"cc017b4\" data-element_type=\"widget\" data-widget_type=\"heading.default\">\n\t\t\t\t<div class=\"elementor-widget-container\">\n\t\t\t<h2 class=\"elementor-heading-title elementor-size-default\">Organos de direcci\u00f3n<\/h2>\t\t<\/div>\n\t\t\t\t<\/div>\n\t\t\t\t<div class=\"elementor-element elementor-element-b099ac9 elementor-widget elementor-widget-heading\" data-id=\"b099ac9\" data-element_type=\"widget\" data-widget_type=\"heading.default\">\n\t\t\t\t<div class=\"elementor-widget-container\">\n\t\t\t<h2 class=\"elementor-heading-title elementor-size-default\">Asamblea general de delegados<\/h2>\t\t<\/div>\n\t\t\t\t<\/div>\n\t\t\t\t<div class=\"elementor-element elementor-element-798cf16 elementor-widget elementor-widget-text-editor\" data-id=\"798cf16\" data-element_type=\"widget\" data-widget_type=\"text-editor.default\">\n\t\t\t\t<div class=\"elementor-widget-container\">\n\t\t\t<style>\/*! elementor - v3.19.0 - 29-01-2024 *\/\n.elementor-widget-text-editor.elementor-drop-cap-view-stacked .elementor-drop-cap{background-color:#69727d;color:#fff}.elementor-widget-text-editor.elementor-drop-cap-view-framed .elementor-drop-cap{color:#69727d;border:3px solid;background-color:transparent}.elementor-widget-text-editor:not(.elementor-drop-cap-view-default) .elementor-drop-cap{margin-top:8px}.elementor-widget-text-editor:not(.elementor-drop-cap-view-default) .elementor-drop-cap-letter{width:1em;height:1em}.elementor-widget-text-editor .elementor-drop-cap{float:left;text-align:center;line-height:1;font-size:50px}.elementor-widget-text-editor .elementor-drop-cap-letter{display:inline-block}<\/style>\t\t\t\t<p>La Asamblea General es el \u00f3rgano m\u00e1ximo de administraci\u00f3n de <strong>COOPUCENTRAL<\/strong> y sus decisiones son obligatorias para todos los asociados, siempre que hayan sido adoptadas de conformidad con las normas legales, estatutarias y reglamentarias.<\/p><p>El m\u00e1ximo \u00f3rgano de decisi\u00f3n de una cooperativa es la Asamblea.<\/p><p>Las Asambleas Generales Ordinarias se realizan, al menos, una vez al a\u00f1o. Las Extraordinarias cuando se considere necesario. En la Asamblea participan todos los asociados que gocen de plenos derechos al realizarse \u00e9sta.<\/p><p>La conforma la reuni\u00f3n debidamente convocada de los asociados h\u00e1biles o de los delegados elegidos directamente por estos.<\/p>\t\t\t\t\t\t<\/div>\n\t\t\t\t<\/div>\n\t\t\t\t\t<\/div>\n\t\t\t\t<\/div>\n\t\t<div class=\"elementor-element elementor-element-89a98c7 e-con-full e-flex e-con e-parent\" data-id=\"89a98c7\" data-element_type=\"container\" data-settings=\"{&quot;content_width&quot;:&quot;full&quot;}\" data-core-v316-plus=\"true\">\n\t\t<div class=\"elementor-element elementor-element-f32510b e-flex e-con-boxed e-con e-child\" data-id=\"f32510b\" data-element_type=\"container\" data-settings=\"{&quot;content_width&quot;:&quot;boxed&quot;}\">\n\t\t\t\t\t<div class=\"e-con-inner\">\n\t\t<div class=\"elementor-element elementor-element-d892ae1 e-con-full e-flex e-con e-child\" data-id=\"d892ae1\" data-element_type=\"container\" data-settings=\"{&quot;content_width&quot;:&quot;full&quot;,&quot;background_background&quot;:&quot;classic&quot;}\">\n\t\t\t\t<div class=\"elementor-element elementor-element-1210727 elementor-widget elementor-widget-heading\" data-id=\"1210727\" data-element_type=\"widget\" data-widget_type=\"heading.default\">\n\t\t\t\t<div class=\"elementor-widget-container\">\n\t\t\t<div class=\"elementor-heading-title elementor-size-default\">Consejo de Administraci\u00f3n<\/div>\t\t<\/div>\n\t\t\t\t<\/div>\n\t\t\t\t<div class=\"elementor-element elementor-element-e485ac5 elementor-widget elementor-widget-text-editor\" data-id=\"e485ac5\" data-element_type=\"widget\" data-widget_type=\"text-editor.default\">\n\t\t\t\t<div class=\"elementor-widget-container\">\n\t\t\t\t\t\t\t<p>\u00c9ste se encarga de ejecutar resoluciones y acuerdos de la Asamblea, emitir instrucciones para el gerente, dictar reglamentos internos, proponer reformas a los Estatutos, acuerdos y convocar asambleas.<\/p><p>Es el \u00f3rgano permanente de <strong>COOPUCENTRAL<\/strong> sujeto a la Asamblea General de delegados y responsable de la direcci\u00f3n general de los negocios y operaciones.\u00a0<\/p><p>Est\u00e1 integrada por siete (7) miembros principales con siete (7) suplentes de car\u00e1cter num\u00e9rico, elegidos o declarados electos por la Asamblea General para un periodo de tres (3) a\u00f1os, pudiendo ser reelegidos o removidos libremente.<\/p>\t\t\t\t\t\t<\/div>\n\t\t\t\t<\/div>\n\t\t\t\t<\/div>\n\t\t<div class=\"elementor-element elementor-element-761c1de e-con-full e-flex e-con e-child\" data-id=\"761c1de\" data-element_type=\"container\" data-settings=\"{&quot;content_width&quot;:&quot;full&quot;,&quot;background_background&quot;:&quot;classic&quot;}\">\n\t\t\t\t<div class=\"elementor-element elementor-element-f2a6478 elementor-widget elementor-widget-heading\" data-id=\"f2a6478\" data-element_type=\"widget\" data-widget_type=\"heading.default\">\n\t\t\t\t<div class=\"elementor-widget-container\">\n\t\t\t<div class=\"elementor-heading-title elementor-size-default\">Principales<\/div>\t\t<\/div>\n\t\t\t\t<\/div>\n\t\t\t\t<div class=\"elementor-element elementor-element-dfed3eb elementor-widget elementor-widget-text-editor\" data-id=\"dfed3eb\" data-element_type=\"widget\" data-widget_type=\"text-editor.default\">\n\t\t\t\t<div class=\"elementor-widget-container\">\n\t\t\t\t\t\t\t<ul><li style=\"text-align: left;\">Luis Fernando Diaz Padilla- Presidente\u00a0<\/li><li style=\"text-align: left;\">Esperanza Castillo Torres &#8211; Vicepresidente<\/li><li style=\"text-align: left;\"><span style=\"background-color: transparent; text-align: var(--text-align);\">Jorge Orlando Ruiz J. &#8211; Secretario<\/span><\/li><li style=\"text-align: left;\"><span style=\"background-color: transparent; text-align: var(--text-align);\">Jose Villada Diaz.<\/span><\/li><li>Rosa Liliana Ducuara\u00a0<\/li><li style=\"text-align: left;\">Luz Mila Corredor.<\/li><li>Julio Cesar Baracaldo.<\/li><\/ul>\t\t\t\t\t\t<\/div>\n\t\t\t\t<\/div>\n\t\t\t\t<\/div>\n\t\t<div class=\"elementor-element elementor-element-7ceebe3 e-con-full e-flex e-con e-child\" data-id=\"7ceebe3\" data-element_type=\"container\" data-settings=\"{&quot;content_width&quot;:&quot;full&quot;,&quot;background_background&quot;:&quot;classic&quot;}\">\n\t\t\t\t<div class=\"elementor-element elementor-element-8a25253 elementor-widget elementor-widget-heading\" data-id=\"8a25253\" data-element_type=\"widget\" data-widget_type=\"heading.default\">\n\t\t\t\t<div class=\"elementor-widget-container\">\n\t\t\t<div class=\"elementor-heading-title elementor-size-default\">Suplentes<\/div>\t\t<\/div>\n\t\t\t\t<\/div>\n\t\t\t\t<div class=\"elementor-element elementor-element-1437b5c elementor-widget elementor-widget-text-editor\" data-id=\"1437b5c\" data-element_type=\"widget\" data-widget_type=\"text-editor.default\">\n\t\t\t\t<div class=\"elementor-widget-container\">\n\t\t\t\t\t\t\t<ul><li style=\"text-align: left;\">Guillermo Moreno.<\/li><li>Luis Fernando Trujillo.<\/li><\/ul>\t\t\t\t\t\t<\/div>\n\t\t\t\t<\/div>\n\t\t\t\t<\/div>\n\t\t<div class=\"elementor-element elementor-element-638dd50 e-con-full e-flex e-con e-child\" data-id=\"638dd50\" data-element_type=\"container\" data-settings=\"{&quot;content_width&quot;:&quot;full&quot;,&quot;background_background&quot;:&quot;classic&quot;}\">\n\t\t\t\t<div class=\"elementor-element elementor-element-c693bdd elementor-widget elementor-widget-heading\" data-id=\"c693bdd\" data-element_type=\"widget\" data-widget_type=\"heading.default\">\n\t\t\t\t<div class=\"elementor-widget-container\">\n\t\t\t<div class=\"elementor-heading-title elementor-size-default\">Representante legal<\/div>\t\t<\/div>\n\t\t\t\t<\/div>\n\t\t\t\t<div class=\"elementor-element elementor-element-d6a9c4e elementor-widget elementor-widget-text-editor\" data-id=\"d6a9c4e\" data-element_type=\"widget\" data-widget_type=\"text-editor.default\">\n\t\t\t\t<div class=\"elementor-widget-container\">\n\t\t\t\t\t\t\t<p style=\"text-align: left;\">Es la Gerencia, quien ejecuta las decisiones del Consejo de Administraci\u00f3n, propone y desarrolla las pol\u00edticas y dirige la prestaci\u00f3n de los servicios y programas solidarios de la entidad.<\/p><p>La gerencia es \u201cel enlace\u201d entre los \u00f3rganos directivos y los \u00f3rganos operativos de la empresa.<\/p><p>La representaci\u00f3n legal, la ejecuci\u00f3n de los acuerdos del Consejo de Administraci\u00f3n y la administraci\u00f3n de los negocios de la cooperativa, corresponden al gerente, cuyo nombramiento est\u00e1 a cargo del Consejo de Administraci\u00f3n.<\/p><p>El cargo de Gerente, fue seleccionado en un proceso democratico, se hizo un examen de conocimientos con una evaluaci\u00f3n te\u00f3rico-pr\u00e1ctico, con una entrevista y resoluci\u00f3n de preguntas pertinentes al cargo por parte de los consejeros, en donde el candidato que obtuvo el puntaje mas alto fue: el\u00a0<strong>C. P. PEDRO ANTONIO GUEVARA ROJAS<\/strong>\u00a0a quien se nombra como Gerente de COOPUCENTRAL y la <strong>C. P. REGINA MAXIEL ROJAS PADUA<\/strong>, quien obtuvo el segundo lugar como Gerente Suplente.<\/p>\t\t\t\t\t\t<\/div>\n\t\t\t\t<\/div>\n\t\t\t\t<\/div>\n\t\t\t\t\t<\/div>\n\t\t\t\t<\/div>\n\t\t\t\t<\/div>\n\t\t<div class=\"elementor-element elementor-element-6dd1693 e-con-full e-flex e-con e-parent\" data-id=\"6dd1693\" data-element_type=\"container\" data-settings=\"{&quot;content_width&quot;:&quot;full&quot;}\" data-core-v316-plus=\"true\">\n\t\t<div class=\"elementor-element elementor-element-cb2359b e-flex e-con-boxed e-con e-child\" data-id=\"cb2359b\" data-element_type=\"container\" data-settings=\"{&quot;content_width&quot;:&quot;boxed&quot;}\">\n\t\t\t\t\t<div class=\"e-con-inner\">\n\t\t<div class=\"elementor-element elementor-element-d3cfdee e-con-full e-flex e-con e-child\" data-id=\"d3cfdee\" data-element_type=\"container\" data-settings=\"{&quot;content_width&quot;:&quot;full&quot;,&quot;background_background&quot;:&quot;classic&quot;}\">\n\t\t\t\t<div class=\"elementor-element elementor-element-832cf33 elementor-widget elementor-widget-heading\" data-id=\"832cf33\" data-element_type=\"widget\" data-widget_type=\"heading.default\">\n\t\t\t\t<div class=\"elementor-widget-container\">\n\t\t\t<div class=\"elementor-heading-title elementor-size-default\">Junta de vigilancia<\/div>\t\t<\/div>\n\t\t\t\t<\/div>\n\t\t\t\t<div class=\"elementor-element elementor-element-b577bdc elementor-widget elementor-widget-text-editor\" data-id=\"b577bdc\" data-element_type=\"widget\" data-widget_type=\"text-editor.default\">\n\t\t\t\t<div class=\"elementor-widget-container\">\n\t\t\t\t\t\t\t<p>La Junta de Vigilancia es el organismo que tiene a su cargo controlar los resultados sociales y procedimientos para el logro de dichos resultados, as\u00ed como los derechos y obligaciones de los asociados <strong>COOPUCENTRAL.<\/strong><\/p>\n<p>Estar\u00e1 integrado por tres (3) miembros principales con sus respectivos suplentes num\u00e9ricos, elegidos por la Asamblea General para per\u00edodos de (2) a\u00f1os, pudiendo ser reelegidos o removidos libremente por esta.<\/p>\t\t\t\t\t\t<\/div>\n\t\t\t\t<\/div>\n\t\t\t\t<\/div>\n\t\t<div class=\"elementor-element elementor-element-afed5d3 e-con-full e-flex e-con e-child\" data-id=\"afed5d3\" data-element_type=\"container\" data-settings=\"{&quot;content_width&quot;:&quot;full&quot;,&quot;background_background&quot;:&quot;classic&quot;}\">\n\t\t\t\t<div class=\"elementor-element elementor-element-9b83910 elementor-widget elementor-widget-heading\" data-id=\"9b83910\" data-element_type=\"widget\" data-widget_type=\"heading.default\">\n\t\t\t\t<div class=\"elementor-widget-container\">\n\t\t\t<div class=\"elementor-heading-title elementor-size-default\">Principales<\/div>\t\t<\/div>\n\t\t\t\t<\/div>\n\t\t\t\t<div class=\"elementor-element elementor-element-0760986 elementor-widget elementor-widget-text-editor\" data-id=\"0760986\" data-element_type=\"widget\" data-widget_type=\"text-editor.default\">\n\t\t\t\t<div class=\"elementor-widget-container\">\n\t\t\t\t\t\t\t<ul><li style=\"text-align: left;\">Orlando Organista &#8211; Presidente\u00a0<\/li><li style=\"text-align: left;\">Jose Antonio Bello &#8211; Vicepresidente<\/li><li style=\"text-align: left;\">\u00a0Numael Ramirez<\/li><\/ul>\t\t\t\t\t\t<\/div>\n\t\t\t\t<\/div>\n\t\t\t\t<\/div>\n\t\t<div class=\"elementor-element elementor-element-7708a3d e-con-full e-flex e-con e-child\" data-id=\"7708a3d\" data-element_type=\"container\" data-settings=\"{&quot;content_width&quot;:&quot;full&quot;,&quot;background_background&quot;:&quot;classic&quot;}\">\n\t\t\t\t<div class=\"elementor-element elementor-element-c2a2db6 elementor-widget elementor-widget-heading\" data-id=\"c2a2db6\" data-element_type=\"widget\" data-widget_type=\"heading.default\">\n\t\t\t\t<div class=\"elementor-widget-container\">\n\t\t\t<div class=\"elementor-heading-title elementor-size-default\">Suplentes<\/div>\t\t<\/div>\n\t\t\t\t<\/div>\n\t\t\t\t<div class=\"elementor-element elementor-element-c87d90f elementor-widget elementor-widget-text-editor\" data-id=\"c87d90f\" data-element_type=\"widget\" data-widget_type=\"text-editor.default\">\n\t\t\t\t<div class=\"elementor-widget-container\">\n\t\t\t\t\t\t\t<ul><li style=\"text-align: left;\">Juan Castillo Alvarado.<\/li><\/ul>\t\t\t\t\t\t<\/div>\n\t\t\t\t<\/div>\n\t\t\t\t<\/div>\n\t\t<div class=\"elementor-element elementor-element-3c1a266 e-con-full e-flex e-con e-child\" data-id=\"3c1a266\" data-element_type=\"container\" data-settings=\"{&quot;content_width&quot;:&quot;full&quot;,&quot;background_background&quot;:&quot;classic&quot;}\">\n\t\t\t\t<div class=\"elementor-element elementor-element-9e5eb8d elementor-widget elementor-widget-heading\" data-id=\"9e5eb8d\" data-element_type=\"widget\" data-widget_type=\"heading.default\">\n\t\t\t\t<div class=\"elementor-widget-container\">\n\t\t\t<div class=\"elementor-heading-title elementor-size-default\">Comit\u00e9 de Cr\u00e9ditos <\/div>\t\t<\/div>\n\t\t\t\t<\/div>\n\t\t\t\t<\/div>\n\t\t\t\t\t<\/div>\n\t\t\t\t<\/div>\n\t\t\t\t<\/div>\n\t\t<div class=\"elementor-element elementor-element-06ce7a7 e-con-full e-flex e-con e-parent\" data-id=\"06ce7a7\" data-element_type=\"container\" data-settings=\"{&quot;content_width&quot;:&quot;full&quot;}\" data-core-v316-plus=\"true\">\n\t\t<div class=\"elementor-element elementor-element-0432f12 e-flex e-con-boxed e-con e-child\" data-id=\"0432f12\" data-element_type=\"container\" data-settings=\"{&quot;content_width&quot;:&quot;boxed&quot;}\">\n\t\t\t\t\t<div class=\"e-con-inner\">\n\t\t<div class=\"elementor-element elementor-element-871cf10 e-con-full e-flex e-con e-child\" data-id=\"871cf10\" data-element_type=\"container\" data-settings=\"{&quot;content_width&quot;:&quot;full&quot;,&quot;background_background&quot;:&quot;classic&quot;}\">\n\t\t\t\t<div class=\"elementor-element elementor-element-a6472f1 elementor-widget elementor-widget-text-editor\" data-id=\"a6472f1\" data-element_type=\"widget\" data-widget_type=\"text-editor.default\">\n\t\t\t\t<div class=\"elementor-widget-container\">\n\t\t\t\t\t\t\t<p>El Comit\u00e9 de Cr\u00e9dito es el\u00a0<b>organismo responsable de conceder pr\u00e9stamos a sus asociados<\/b>. Deber\u00e1 regirse por las disposiciones y pol\u00edticas crediticias establecidas en el Reglamento de Cr\u00e9ditos y por el Comit\u00e9 de Cr\u00e9ditos de Directivos. El Comit\u00e9 de cr\u00e9ditos estar\u00e1 compuesto por los siguientes consejeros:<\/p>\t\t\t\t\t\t<\/div>\n\t\t\t\t<\/div>\n\t\t\t\t<\/div>\n\t\t<div class=\"elementor-element elementor-element-e01153d e-con-full e-flex e-con e-child\" data-id=\"e01153d\" data-element_type=\"container\" data-settings=\"{&quot;content_width&quot;:&quot;full&quot;,&quot;background_background&quot;:&quot;classic&quot;}\">\n\t\t\t\t<div class=\"elementor-element elementor-element-0e9d309 elementor-widget elementor-widget-heading\" data-id=\"0e9d309\" data-element_type=\"widget\" data-widget_type=\"heading.default\">\n\t\t\t\t<div class=\"elementor-widget-container\">\n\t\t\t<div class=\"elementor-heading-title elementor-size-default\">Principales<\/div>\t\t<\/div>\n\t\t\t\t<\/div>\n\t\t\t\t<div class=\"elementor-element elementor-element-9e40c0e elementor-widget elementor-widget-text-editor\" data-id=\"9e40c0e\" data-element_type=\"widget\" data-widget_type=\"text-editor.default\">\n\t\t\t\t<div class=\"elementor-widget-container\">\n\t\t\t\t\t\t\t<ul><li style=\"text-align: left;\">Jos\u00e9 Leonardo Cort\u00e9s<\/li><li style=\"text-align: left;\">Leonel Nossa Ortiz.<\/li><li style=\"text-align: left;\">Julio Cesar Baracaldo.<\/li><\/ul>\t\t\t\t\t\t<\/div>\n\t\t\t\t<\/div>\n\t\t\t\t<\/div>\n\t\t<div class=\"elementor-element elementor-element-79d5d5d e-con-full e-flex e-con e-child\" data-id=\"79d5d5d\" data-element_type=\"container\" data-settings=\"{&quot;content_width&quot;:&quot;full&quot;,&quot;background_background&quot;:&quot;classic&quot;}\">\n\t\t\t\t<div class=\"elementor-element elementor-element-a0dc9c8 elementor-widget elementor-widget-heading\" data-id=\"a0dc9c8\" data-element_type=\"widget\" data-widget_type=\"heading.default\">\n\t\t\t\t<div class=\"elementor-widget-container\">\n\t\t\t<div class=\"elementor-heading-title elementor-size-default\">Suplentes<\/div>\t\t<\/div>\n\t\t\t\t<\/div>\n\t\t\t\t<div class=\"elementor-element elementor-element-2c6adde elementor-widget elementor-widget-text-editor\" data-id=\"2c6adde\" data-element_type=\"widget\" data-widget_type=\"text-editor.default\">\n\t\t\t\t<div class=\"elementor-widget-container\">\n\t\t\t\t\t\t\t<ul><li style=\"text-align: left;\">Luis Fernando Trujillo.<\/li><\/ul>\t\t\t\t\t\t<\/div>\n\t\t\t\t<\/div>\n\t\t\t\t<\/div>\n\t\t\t\t\t<\/div>\n\t\t\t\t<\/div>\n\t\t\t\t<\/div>\n\t\t<div class=\"elementor-element elementor-element-1ab2d5f e-con-full e-flex e-con e-parent\" data-id=\"1ab2d5f\" data-element_type=\"container\" data-settings=\"{&quot;content_width&quot;:&quot;full&quot;}\" data-core-v316-plus=\"true\">\n\t\t<div class=\"elementor-element elementor-element-7105780 e-flex e-con-boxed e-con e-child\" data-id=\"7105780\" data-element_type=\"container\" data-settings=\"{&quot;content_width&quot;:&quot;boxed&quot;}\">\n\t\t\t\t\t<div class=\"e-con-inner\">\n\t\t<div class=\"elementor-element elementor-element-7154436 e-con-full e-flex e-con e-child\" data-id=\"7154436\" data-element_type=\"container\" data-settings=\"{&quot;content_width&quot;:&quot;full&quot;,&quot;background_background&quot;:&quot;classic&quot;}\">\n\t\t\t\t<div class=\"elementor-element elementor-element-2221c53 elementor-widget elementor-widget-heading\" data-id=\"2221c53\" data-element_type=\"widget\" data-widget_type=\"heading.default\">\n\t\t\t\t<div class=\"elementor-widget-container\">\n\t\t\t<div class=\"elementor-heading-title elementor-size-default\">Revisor\u00eda F\u00edscal<\/div>\t\t<\/div>\n\t\t\t\t<\/div>\n\t\t\t\t<div class=\"elementor-element elementor-element-93f6ff8 elementor-widget elementor-widget-text-editor\" data-id=\"93f6ff8\" data-element_type=\"widget\" data-widget_type=\"text-editor.default\">\n\t\t\t\t<div class=\"elementor-widget-container\">\n\t\t\t\t\t\t\t<p>La\u00a0<b>Revisor\u00eda fiscal<\/b>\u00a0es un \u00f3rgano de control y fiscalizaci\u00f3n que debe cumplir con las funciones establecidas en las leyes y en los estatutos de la\u00a0<b>cooperativa<\/b> que puede emitir opiniones respaldadas con su firma.\u00a0<\/p><p>La funci\u00f3n principal ser\u00e1 la de revisar, auditar y evaluar la informaci\u00f3n contable y financiera de la Cooperativa, emitiendo informes sobre la razonabilidad de los estados financieros y detectando posibles irregularidades.<\/p><p>La selecci\u00f3n se realizo despu\u00e9s de recibir y estudiar las ofertas de 6 empresas y personas naturales que participaron en la convocatoria realizada.<\/p><p>La Revisor\u00eda Fiscal fue contratada a la firma INCONFIS SAS representada por la C. P. Cecilia P\u00e9rez \u00c1lvarez, quienes obtuvieron los mejores puntajes en la evaluaci\u00f3n de su portafolio y presentaci\u00f3n de sus servicios\u00a0<\/p>\t\t\t\t\t\t<\/div>\n\t\t\t\t<\/div>\n\t\t\t\t<\/div>\n\t\t\t\t\t<\/div>\n\t\t\t\t<\/div>\n\t\t\t\t<\/div>\n\t\t\t\t<\/div>\n\t\t","protected":false},"excerpt":{"rendered":"<p>\u00d3rganos de direcci\u00f3n Organos de direcci\u00f3n Asamblea general de delegados La Asamblea General es el \u00f3rgano m\u00e1ximo de administraci\u00f3n de COOPUCENTRAL y sus decisiones son obligatorias para todos los asociados, siempre que hayan sido adoptadas de conformidad con las normas legales, estatutarias y reglamentarias. El m\u00e1ximo \u00f3rgano de decisi\u00f3n de una cooperativa es la Asamblea. [&hellip;]<\/p>\n","protected":false},"author":1,"featured_media":0,"parent":0,"menu_order":0,"comment_status":"closed","ping_status":"closed","template":"","meta":{"footnotes":""},"_links":{"self":[{"href":"https:\/\/coopucentral.com\/index.php\/wp-json\/wp\/v2\/pages\/2058"}],"collection":[{"href":"https:\/\/coopucentral.com\/index.php\/wp-json\/wp\/v2\/pages"}],"about":[{"href":"https:\/\/coopucentral.com\/index.php\/wp-json\/wp\/v2\/types\/page"}],"author":[{"embeddable":true,"href":"https:\/\/coopucentral.com\/index.php\/wp-json\/wp\/v2\/users\/1"}],"replies":[{"embeddable":true,"href":"https:\/\/coopucentral.com\/index.php\/wp-json\/wp\/v2\/comments?post=2058"}],"version-history":[{"count":70,"href":"https:\/\/coopucentral.com\/index.php\/wp-json\/wp\/v2\/pages\/2058\/revisions"}],"predecessor-version":[{"id":2431,"href":"https:\/\/coopucentral.com\/index.php\/wp-json\/wp\/v2\/pages\/2058\/revisions\/2431"}],"wp:attachment":[{"href":"https:\/\/coopucentral.com\/index.php\/wp-json\/wp\/v2\/media?parent=2058"}],"curies":[{"name":"wp","href":"https:\/\/api.w.org\/{rel}","templated":true}]}}